{"id":722,"date":"2025-11-22T18:07:26","date_gmt":"2025-11-22T18:07:26","guid":{"rendered":"https:\/\/corodeninosdesanjuan.org\/?page_id=722"},"modified":"2025-12-02T15:53:22","modified_gmt":"2025-12-02T15:53:22","slug":"escuela-cnsj","status":"publish","type":"page","link":"https:\/\/corodeninosdesanjuan.org\/?page_id=722","title":{"rendered":"Formaci\u00f3n"},"content":{"rendered":"\t\t<div data-elementor-type=\"wp-page\" data-elementor-id=\"722\" class=\"elementor elementor-722\" data-elementor-post-type=\"page\">\n\t\t\t\t<div class=\"elementor-element elementor-element-110d82b e-flex e-con-boxed e-con e-parent\" data-id=\"110d82b\" data-element_type=\"container\">\n\t\t\t\t\t<div class=\"e-con-inner\">\n\t\t\t\t<div class=\"elementor-element elementor-element-fbc4874 elementor-widget elementor-widget-heading\" data-id=\"fbc4874\" data-element_type=\"widget\" data-widget_type=\"heading.default\">\n\t\t\t\t<div class=\"elementor-widget-container\">\n\t\t\t\t\t<h4 class=\"elementor-heading-title elementor-size-default\">Formaci\u00f3n esc\u00e9nico musical para la vida<\/h4>\t\t\t\t<\/div>\n\t\t\t\t<\/div>\n\t\t\t\t<div class=\"elementor-element elementor-element-e71e028 elementor-widget elementor-widget-image\" data-id=\"e71e028\" data-element_type=\"widget\" data-widget_type=\"image.default\">\n\t\t\t\t<div class=\"elementor-widget-container\">\n\t\t\t\t\t\t\t\t\t\t\t\t\t\t\t<img fetchpriority=\"high\" decoding=\"async\" width=\"800\" height=\"534\" src=\"https:\/\/corodeninosdesanjuan.org\/wp-content\/uploads\/2025\/11\/49897150_2142931449132964_8381192270812020736_n.jpg\" class=\"attachment-large size-large wp-image-724\" alt=\"\" srcset=\"https:\/\/corodeninosdesanjuan.org\/wp-content\/uploads\/2025\/11\/49897150_2142931449132964_8381192270812020736_n.jpg 960w, https:\/\/corodeninosdesanjuan.org\/wp-content\/uploads\/2025\/11\/49897150_2142931449132964_8381192270812020736_n-300x200.jpg 300w, https:\/\/corodeninosdesanjuan.org\/wp-content\/uploads\/2025\/11\/49897150_2142931449132964_8381192270812020736_n-768x513.jpg 768w, https:\/\/corodeninosdesanjuan.org\/wp-content\/uploads\/2025\/11\/49897150_2142931449132964_8381192270812020736_n-600x401.jpg 600w\" sizes=\"(max-width: 800px) 100vw, 800px\" \/>\t\t\t\t\t\t\t\t\t\t\t\t\t\t\t<\/div>\n\t\t\t\t<\/div>\n\t\t\t\t<div class=\"elementor-element elementor-element-ee1be5e elementor-widget elementor-widget-heading\" data-id=\"ee1be5e\" data-element_type=\"widget\" data-widget_type=\"heading.default\">\n\t\t\t\t<div class=\"elementor-widget-container\">\n\t\t\t\t\t<h5 class=\"elementor-heading-title elementor-size-default\"><i>Educamos y transformamos vidas por medio de la m\u00fasica<\/i><\/h5>\t\t\t\t<\/div>\n\t\t\t\t<\/div>\n\t\t\t\t<div class=\"elementor-element elementor-element-f9f42bc elementor-widget elementor-widget-text-editor\" data-id=\"f9f42bc\" data-element_type=\"widget\" data-widget_type=\"text-editor.default\">\n\t\t\t\t<div class=\"elementor-widget-container\">\n\t\t\t\t\t\t\t\t\t<p dir=\"ltr\" style=\"line-height: 1.38; margin-top: 12pt; margin-bottom: 12pt;\"><span style=\"font-size: 11pt; font-family: Arial, sans-serif; color: #000000; background-color: transparent; font-weight: 400; font-style: normal; font-variant-ligatures: normal; font-variant-caps: normal; font-variant-alternates: normal; font-variant-numeric: normal; font-variant-east-asian: normal; font-variant-position: normal; text-decoration: none; vertical-align: baseline; white-space: pre-wrap;\">En el Coro de Ni\u00f1os de San Juan formamos ni\u00f1as, ni\u00f1os y j\u00f3venes de 5 a 18 a\u00f1os a trav\u00e9s de un modelo esc\u00e9nico\u2013musical \u00fanico en Puerto Rico.<\/span><\/p>\n<p dir=\"ltr\" style=\"line-height: 1.38; margin-top: 12pt; margin-bottom: 12pt;\"><span style=\"font-size: 11pt; font-family: Arial, sans-serif; color: #000000; background-color: transparent; font-weight: 400; font-style: normal; font-variant-ligatures: normal; font-variant-caps: normal; font-variant-alternates: normal; font-variant-numeric: normal; font-variant-east-asian: normal; font-variant-position: normal; text-decoration: none; vertical-align: baseline; white-space: pre-wrap;\">Nuestra propuesta educativa integra la excelencia coral, el desarrollo de habilidades musicales y el crecimiento humano, fomentando disciplina, sensibilidad art\u00edstica, cooperaci\u00f3n y amor por la cultura puertorrique\u00f1a.<\/span><\/p>\n<p dir=\"ltr\" style=\"line-height: 1.38; margin-top: 12pt; margin-bottom: 12pt;\"><span style=\"font-size: 11pt; font-family: Arial, sans-serif; color: #000000; background-color: transparent; font-weight: 400; font-style: normal; font-variant-ligatures: normal; font-variant-caps: normal; font-variant-alternates: normal; font-variant-numeric: normal; font-variant-east-asian: normal; font-variant-position: normal; text-decoration: none; vertical-align: baseline; white-space: pre-wrap;\">Con un curr\u00edculo especializado, clases grupales, repertorio diverso y la gu\u00eda de un equipo docente comprometido, nuestros estudiantes desarrollan su voz, su musicalidad y, sobre todo, su car\u00e1cter.<\/span><\/p>\t\t\t\t\t\t\t\t<\/div>\n\t\t\t\t<\/div>\n\t\t\t\t<div class=\"elementor-element elementor-element-1136dcf elementor-arrows-position-inside elementor-pagination-position-outside elementor-widget elementor-widget-image-carousel\" data-id=\"1136dcf\" data-element_type=\"widget\" data-settings=\"{&quot;navigation&quot;:&quot;both&quot;,&quot;autoplay&quot;:&quot;yes&quot;,&quot;pause_on_hover&quot;:&quot;yes&quot;,&quot;pause_on_interaction&quot;:&quot;yes&quot;,&quot;autoplay_speed&quot;:5000,&quot;infinite&quot;:&quot;yes&quot;,&quot;speed&quot;:500}\" data-widget_type=\"image-carousel.default\">\n\t\t\t\t<div class=\"elementor-widget-container\">\n\t\t\t\t\t\t\t<div class=\"elementor-image-carousel-wrapper swiper\" role=\"region\" aria-roledescription=\"carousel\" aria-label=\"Image Carousel\" dir=\"ltr\">\n\t\t\t<div class=\"elementor-image-carousel swiper-wrapper\" aria-live=\"off\">\n\t\t\t\t\t\t\t\t<div class=\"swiper-slide\" role=\"group\" aria-roledescription=\"slide\" aria-label=\"1 of 3\"><figure class=\"swiper-slide-inner\"><img decoding=\"async\" class=\"swiper-slide-image\" src=\"https:\/\/corodeninosdesanjuan.org\/wp-content\/uploads\/2025\/11\/CNSJ12_n-1024x683.jpg\" alt=\"CNSJ12_n\" \/><\/figure><\/div><div class=\"swiper-slide\" role=\"group\" aria-roledescription=\"slide\" aria-label=\"2 of 3\"><figure class=\"swiper-slide-inner\"><img decoding=\"async\" class=\"swiper-slide-image\" src=\"https:\/\/corodeninosdesanjuan.org\/wp-content\/uploads\/2025\/11\/87263193_2866929013399867_8571822263941201920_n.jpg\" alt=\"87263193_2866929013399867_8571822263941201920_n\" \/><\/figure><\/div><div class=\"swiper-slide\" role=\"group\" aria-roledescription=\"slide\" aria-label=\"3 of 3\"><figure class=\"swiper-slide-inner\"><img decoding=\"async\" class=\"swiper-slide-image\" src=\"https:\/\/corodeninosdesanjuan.org\/wp-content\/uploads\/2025\/11\/39179869_1925180914241353_4463800811138318336_n-1024x684.jpg\" alt=\"39179869_1925180914241353_4463800811138318336_n\" \/><\/figure><\/div>\t\t\t<\/div>\n\t\t\t\t\t\t\t\t\t\t\t\t<div class=\"elementor-swiper-button elementor-swiper-button-prev\" role=\"button\" tabindex=\"0\">\n\t\t\t\t\t\t<svg aria-hidden=\"true\" class=\"e-font-icon-svg e-eicon-chevron-left\" viewBox=\"0 0 1000 1000\" xmlns=\"http:\/\/www.w3.org\/2000\/svg\"><path d=\"M646 125C629 125 613 133 604 142L308 442C296 454 292 471 292 487 292 504 296 521 308 533L604 854C617 867 629 875 646 875 663 875 679 871 692 858 704 846 713 829 713 812 713 796 708 779 692 767L438 487 692 225C700 217 708 204 708 187 708 171 704 154 692 142 675 129 663 125 646 125Z\"><\/path><\/svg>\t\t\t\t\t<\/div>\n\t\t\t\t\t<div class=\"elementor-swiper-button elementor-swiper-button-next\" role=\"button\" tabindex=\"0\">\n\t\t\t\t\t\t<svg aria-hidden=\"true\" class=\"e-font-icon-svg e-eicon-chevron-right\" viewBox=\"0 0 1000 1000\" xmlns=\"http:\/\/www.w3.org\/2000\/svg\"><path d=\"M696 533C708 521 713 504 713 487 713 471 708 454 696 446L400 146C388 133 375 125 354 125 338 125 325 129 313 142 300 154 292 171 292 187 292 204 296 221 308 233L563 492 304 771C292 783 288 800 288 817 288 833 296 850 308 863 321 871 338 875 354 875 371 875 388 867 400 854L696 533Z\"><\/path><\/svg>\t\t\t\t\t<\/div>\n\t\t\t\t\n\t\t\t\t\t\t\t\t\t<div class=\"swiper-pagination\"><\/div>\n\t\t\t\t\t\t\t\t\t<\/div>\n\t\t\t\t\t\t<\/div>\n\t\t\t\t<\/div>\n\t\t\t\t<div class=\"elementor-element elementor-element-5c3dab8 elementor-widget elementor-widget-heading\" data-id=\"5c3dab8\" data-element_type=\"widget\" data-widget_type=\"heading.default\">\n\t\t\t\t<div class=\"elementor-widget-container\">\n\t\t\t\t\t<h4 class=\"elementor-heading-title elementor-size-default\">Niveles de Formaci\u00f3n <br><\/h4>\t\t\t\t<\/div>\n\t\t\t\t<\/div>\n\t\t\t\t\t<\/div>\n\t\t\t\t<\/div>\n\t\t<div class=\"elementor-element elementor-element-9e9370d e-flex e-con-boxed e-con e-parent\" data-id=\"9e9370d\" data-element_type=\"container\">\n\t\t\t\t\t<div class=\"e-con-inner\">\n\t\t<div class=\"elementor-element elementor-element-25b27ba e-con-full e-flex e-con e-child\" data-id=\"25b27ba\" data-element_type=\"container\">\n\t\t\t\t<div class=\"elementor-element elementor-element-e0a5bc7 elementor-widget elementor-widget-image\" data-id=\"e0a5bc7\" data-element_type=\"widget\" data-widget_type=\"image.default\">\n\t\t\t\t<div class=\"elementor-widget-container\">\n\t\t\t\t\t\t\t\t\t\t\t\t\t\t\t<img decoding=\"async\" width=\"800\" height=\"600\" src=\"https:\/\/corodeninosdesanjuan.org\/wp-content\/uploads\/2024\/10\/preparatora-1024x768.jpg\" class=\"attachment-large size-large wp-image-367\" alt=\"\" srcset=\"https:\/\/corodeninosdesanjuan.org\/wp-content\/uploads\/2024\/10\/preparatora-1024x768.jpg 1024w, https:\/\/corodeninosdesanjuan.org\/wp-content\/uploads\/2024\/10\/preparatora-600x450.jpg 600w, https:\/\/corodeninosdesanjuan.org\/wp-content\/uploads\/2024\/10\/preparatora-300x225.jpg 300w, https:\/\/corodeninosdesanjuan.org\/wp-content\/uploads\/2024\/10\/preparatora-768x576.jpg 768w, https:\/\/corodeninosdesanjuan.org\/wp-content\/uploads\/2024\/10\/preparatora-1536x1152.jpg 1536w, https:\/\/corodeninosdesanjuan.org\/wp-content\/uploads\/2024\/10\/preparatora.jpg 2048w\" sizes=\"(max-width: 800px) 100vw, 800px\" \/>\t\t\t\t\t\t\t\t\t\t\t\t\t\t\t<\/div>\n\t\t\t\t<\/div>\n\t\t\t\t<\/div>\n\t\t<div class=\"elementor-element elementor-element-4a3d509 e-con-full e-flex e-con e-child\" data-id=\"4a3d509\" data-element_type=\"container\">\n\t\t\t\t<div class=\"elementor-element elementor-element-8389203 elementor-widget elementor-widget-heading\" data-id=\"8389203\" data-element_type=\"widget\" data-widget_type=\"heading.default\">\n\t\t\t\t<div class=\"elementor-widget-container\">\n\t\t\t\t\t<h6 class=\"elementor-heading-title elementor-size-default\">KINDERCORO<\/h6>\t\t\t\t<\/div>\n\t\t\t\t<\/div>\n\t\t\t\t<div class=\"elementor-element elementor-element-87d7ede elementor-widget elementor-widget-text-editor\" data-id=\"87d7ede\" data-element_type=\"widget\" data-widget_type=\"text-editor.default\">\n\t\t\t\t<div class=\"elementor-widget-container\">\n\t\t\t\t\t\t\t\t\t<p style=\"caret-color: #000000; color: #000000;\" data-start=\"87\" data-end=\"114\"><span style=\"text-align: var(--text-align); font-family: var( --e-global-typography-text-font-family ), Sans-serif; font-size: var( --e-global-typography-text-font-size ); font-weight: var( --e-global-typography-text-font-weight );\">El primer paso de los ni\u00f1os en el mundo del canto coral.<\/span><\/p><p style=\"caret-color: #000000; color: #000000;\" data-start=\"173\" data-end=\"187\"><strong data-start=\"177\" data-end=\"187\">Edades<\/strong><\/p><p style=\"caret-color: #000000; color: #000000;\" data-start=\"188\" data-end=\"220\">Ni\u00f1os y ni\u00f1as de\u00a0<strong data-start=\"205\" data-end=\"219\">5 a 6 a\u00f1os<\/strong>.<\/p><p style=\"caret-color: #000000; color: #000000;\" data-start=\"222\" data-end=\"236\"><strong data-start=\"226\" data-end=\"236\">Clases<\/strong><\/p><ul style=\"caret-color: #000000; color: #000000;\" data-start=\"237\" data-end=\"367\"><li data-start=\"237\" data-end=\"269\"><p data-start=\"239\" data-end=\"269\"><strong data-start=\"239\" data-end=\"254\">12 sesiones<\/strong>\u00a0por semestre<\/p><\/li><li data-start=\"270\" data-end=\"292\"><p data-start=\"272\" data-end=\"292\"><strong data-start=\"272\" data-end=\"290\">1 hora semanal<\/strong><\/p><\/li><li data-start=\"293\" data-end=\"367\"><p data-start=\"295\" data-end=\"367\">Enfoque en ritmo, audici\u00f3n, apreciaci\u00f3n musical y uso adecuado de la voz<\/p><\/li><\/ul><p style=\"caret-color: #000000; color: #000000;\" data-start=\"369\" data-end=\"388\"><strong data-start=\"373\" data-end=\"388\">Aprendizaje<\/strong><\/p><ul style=\"caret-color: #000000; color: #000000;\" data-start=\"389\" data-end=\"521\"><li data-start=\"389\" data-end=\"426\"><p data-start=\"391\" data-end=\"426\">Repertorio apropiado para su edad<\/p><\/li><li data-start=\"427\" data-end=\"479\"><p data-start=\"429\" data-end=\"479\">Exploraci\u00f3n de idiomas y desarrollo del lenguaje<\/p><\/li><li data-start=\"480\" data-end=\"521\"><p data-start=\"482\" data-end=\"521\">Disciplina coral, enfoque y autocontrol<\/p><\/li><\/ul><p style=\"caret-color: #000000; color: #000000;\" data-start=\"523\" data-end=\"539\"><strong data-start=\"527\" data-end=\"539\">Admisi\u00f3n<\/strong><\/p><p style=\"caret-color: #000000; color: #000000;\" data-start=\"540\" data-end=\"570\">Ingreso mediante\u00a0<strong data-start=\"557\" data-end=\"569\">audici\u00f3n<\/strong>.<\/p><p style=\"caret-color: #000000; color: #000000;\" data-start=\"572\" data-end=\"599\"><strong data-start=\"576\" data-end=\"599\">Cierre del semestre<\/strong><\/p><p style=\"caret-color: #000000; color: #000000;\" data-start=\"600\" data-end=\"663\">Presentaci\u00f3n en una\u00a0<strong data-start=\"620\" data-end=\"636\">Casa Abierta<\/strong>\u00a0para mostrar lo aprendido.<\/p><p style=\"caret-color: #000000; color: #000000;\" data-start=\"600\" data-end=\"663\"><b>HORARIOS DE CLASES<\/b><\/p><p style=\"caret-color: #000000; color: #000000;\" data-start=\"600\" data-end=\"663\"><span style=\"font-size: 11pt; font-family: Arial, sans-serif; font-variant-ligatures: normal; font-variant-alternates: normal; font-variant-numeric: normal; font-variant-east-asian: normal; font-variant-position: normal; vertical-align: baseline; white-space: pre-wrap;\">\u2022 Martes \u2014 5:15 pm a 6:15 pm<\/span><span style=\"font-size: 11pt; font-family: Arial, sans-serif; font-variant-ligatures: normal; font-variant-alternates: normal; font-variant-numeric: normal; font-variant-east-asian: normal; font-variant-position: normal; vertical-align: baseline; white-space: pre-wrap;\"><br \/><\/span><span style=\"font-size: 11pt; font-family: Arial, sans-serif; font-variant-ligatures: normal; font-variant-alternates: normal; font-variant-numeric: normal; font-variant-east-asian: normal; font-variant-position: normal; vertical-align: baseline; white-space: pre-wrap;\">\u2022 Jueves \u2014 4:15 pm a 5:15 pm \/ 5:15 pm a 6:15 pm <\/span><span style=\"font-size: 11pt; font-family: Arial, sans-serif; font-style: italic; font-variant-ligatures: normal; font-variant-alternates: normal; font-variant-numeric: normal; font-variant-east-asian: normal; font-variant-position: normal; vertical-align: baseline; white-space: pre-wrap;\">(dos secciones)<\/span><\/p>\t\t\t\t\t\t\t\t<\/div>\n\t\t\t\t<\/div>\n\t\t\t\t<\/div>\n\t\t\t\t\t<\/div>\n\t\t\t\t<\/div>\n\t\t<div class=\"elementor-element elementor-element-d7f50c0 e-flex e-con-boxed e-con e-parent\" data-id=\"d7f50c0\" data-element_type=\"container\">\n\t\t\t\t\t<div class=\"e-con-inner\">\n\t\t<div class=\"elementor-element elementor-element-4210eed e-con-full e-flex e-con e-child\" data-id=\"4210eed\" data-element_type=\"container\">\n\t\t\t\t<div class=\"elementor-element elementor-element-0540a51 elementor-widget elementor-widget-image\" data-id=\"0540a51\" data-element_type=\"widget\" data-widget_type=\"image.default\">\n\t\t\t\t<div class=\"elementor-widget-container\">\n\t\t\t\t\t\t\t\t\t\t\t\t\t\t\t<img decoding=\"async\" width=\"800\" height=\"534\" src=\"https:\/\/corodeninosdesanjuan.org\/wp-content\/uploads\/2025\/11\/485726087_1082172363944498_8879093703817203343_n-1024x683.jpg\" class=\"attachment-large size-large wp-image-751\" alt=\"\" srcset=\"https:\/\/corodeninosdesanjuan.org\/wp-content\/uploads\/2025\/11\/485726087_1082172363944498_8879093703817203343_n-1024x683.jpg 1024w, https:\/\/corodeninosdesanjuan.org\/wp-content\/uploads\/2025\/11\/485726087_1082172363944498_8879093703817203343_n-300x200.jpg 300w, https:\/\/corodeninosdesanjuan.org\/wp-content\/uploads\/2025\/11\/485726087_1082172363944498_8879093703817203343_n-768x512.jpg 768w, https:\/\/corodeninosdesanjuan.org\/wp-content\/uploads\/2025\/11\/485726087_1082172363944498_8879093703817203343_n-1536x1024.jpg 1536w, https:\/\/corodeninosdesanjuan.org\/wp-content\/uploads\/2025\/11\/485726087_1082172363944498_8879093703817203343_n-600x400.jpg 600w, https:\/\/corodeninosdesanjuan.org\/wp-content\/uploads\/2025\/11\/485726087_1082172363944498_8879093703817203343_n.jpg 2048w\" sizes=\"(max-width: 800px) 100vw, 800px\" \/>\t\t\t\t\t\t\t\t\t\t\t\t\t\t\t<\/div>\n\t\t\t\t<\/div>\n\t\t\t\t<\/div>\n\t\t<div class=\"elementor-element elementor-element-8bb9a72 e-con-full e-flex e-con e-child\" data-id=\"8bb9a72\" data-element_type=\"container\">\n\t\t\t\t<div class=\"elementor-element elementor-element-7560800 elementor-widget elementor-widget-heading\" data-id=\"7560800\" data-element_type=\"widget\" data-widget_type=\"heading.default\">\n\t\t\t\t<div class=\"elementor-widget-container\">\n\t\t\t\t\t<h6 class=\"elementor-heading-title elementor-size-default\">CORO PREPARATORIA<\/h6>\t\t\t\t<\/div>\n\t\t\t\t<\/div>\n\t\t\t\t<div class=\"elementor-element elementor-element-5a7b5a8 elementor-widget elementor-widget-text-editor\" data-id=\"5a7b5a8\" data-element_type=\"widget\" data-widget_type=\"text-editor.default\">\n\t\t\t\t<div class=\"elementor-widget-container\">\n\t\t\t\t\t\t\t\t\t<p><strong>Edades<\/strong><\/p><p><span style=\"font-weight: 400;\">6 a 8 a\u00f1os<\/span><\/p><p><strong>Clases<\/strong><\/p><ul><li style=\"font-weight: 400;\" aria-level=\"1\"><p><span style=\"font-weight: 400;\">2 encuentros semanales<\/span><\/p><\/li><li style=\"font-weight: 400;\" aria-level=\"1\"><p><span style=\"font-weight: 400;\">2 horas por sesi\u00f3n<\/span><\/p><\/li><li style=\"font-weight: 400;\" aria-level=\"1\"><p><span style=\"font-weight: 400;\">Teor\u00eda musical, ritmo, solfeo, adiestramiento auditivo<\/span><\/p><\/li><li style=\"font-weight: 400;\" aria-level=\"1\"><p><span style=\"font-weight: 400;\">Flauta dulce, t\u00e9cnica vocal y repertorio coral<\/span><\/p><\/li><\/ul><p><strong>Aprendizaje<\/strong><\/p><ul><li style=\"font-weight: 400;\" aria-level=\"1\"><p><span style=\"font-weight: 400;\">Apreciaci\u00f3n musical y exploraci\u00f3n art\u00edstica<\/span><\/p><\/li><li style=\"font-weight: 400;\" aria-level=\"1\"><p><span style=\"font-weight: 400;\">Ambiente l\u00fadico y creativo<\/span><\/p><\/li><li style=\"font-weight: 400;\" aria-level=\"1\"><p><span style=\"font-weight: 400;\">Disciplina coral, enfoque y autocontrol<\/span><\/p><\/li><\/ul><p><strong>Admisi\u00f3n<\/strong><\/p><p><span style=\"font-weight: 400;\">Ingreso mediante audici\u00f3n.<\/span><\/p><p><strong>Cierre del semestre<\/strong><\/p><p><span style=\"font-weight: 400;\">Presentaci\u00f3n art\u00edstica para las familias, mostrando el repertorio y progreso del semestre.<\/span><\/p><p><b>HORARIOS DE CLASES<\/b><\/p><p><span style=\"font-weight: 400;\">\u2022 Lunes y mi\u00e9rcoles \u2014 <\/span><span style=\"font-weight: 400;\">4pm a 6pm<\/span><\/p><p>\u00a0<\/p>\t\t\t\t\t\t\t\t<\/div>\n\t\t\t\t<\/div>\n\t\t\t\t<\/div>\n\t\t\t\t\t<\/div>\n\t\t\t\t<\/div>\n\t\t<div class=\"elementor-element elementor-element-f90ad8e e-flex e-con-boxed e-con e-parent\" data-id=\"f90ad8e\" data-element_type=\"container\">\n\t\t\t\t\t<div class=\"e-con-inner\">\n\t\t<div class=\"elementor-element elementor-element-f5aafb3 e-con-full e-flex e-con e-child\" data-id=\"f5aafb3\" data-element_type=\"container\">\n\t\t\t\t<div class=\"elementor-element elementor-element-ac4eebf elementor-widget elementor-widget-image\" data-id=\"ac4eebf\" data-element_type=\"widget\" data-widget_type=\"image.default\">\n\t\t\t\t<div class=\"elementor-widget-container\">\n\t\t\t\t\t\t\t\t\t\t\t\t\t\t\t<img loading=\"lazy\" decoding=\"async\" width=\"800\" height=\"600\" src=\"https:\/\/corodeninosdesanjuan.org\/wp-content\/uploads\/2024\/10\/429769099_18228410317265935_4618620733264685773_n-1024x768.jpg\" class=\"attachment-large size-large wp-image-372\" alt=\"\" srcset=\"https:\/\/corodeninosdesanjuan.org\/wp-content\/uploads\/2024\/10\/429769099_18228410317265935_4618620733264685773_n-1024x768.jpg 1024w, https:\/\/corodeninosdesanjuan.org\/wp-content\/uploads\/2024\/10\/429769099_18228410317265935_4618620733264685773_n-600x450.jpg 600w, https:\/\/corodeninosdesanjuan.org\/wp-content\/uploads\/2024\/10\/429769099_18228410317265935_4618620733264685773_n-300x225.jpg 300w, https:\/\/corodeninosdesanjuan.org\/wp-content\/uploads\/2024\/10\/429769099_18228410317265935_4618620733264685773_n-768x576.jpg 768w, https:\/\/corodeninosdesanjuan.org\/wp-content\/uploads\/2024\/10\/429769099_18228410317265935_4618620733264685773_n.jpg 1440w\" sizes=\"(max-width: 800px) 100vw, 800px\" \/>\t\t\t\t\t\t\t\t\t\t\t\t\t\t\t<\/div>\n\t\t\t\t<\/div>\n\t\t\t\t<\/div>\n\t\t<div class=\"elementor-element elementor-element-d3d5d32 e-con-full e-flex e-con e-child\" data-id=\"d3d5d32\" data-element_type=\"container\">\n\t\t\t\t<div class=\"elementor-element elementor-element-469a535 elementor-widget elementor-widget-heading\" data-id=\"469a535\" data-element_type=\"widget\" data-widget_type=\"heading.default\">\n\t\t\t\t<div class=\"elementor-widget-container\">\n\t\t\t\t\t<h6 class=\"elementor-heading-title elementor-size-default\">CORO NI\u00d1OS DE SAN JUAN<\/h6>\t\t\t\t<\/div>\n\t\t\t\t<\/div>\n\t\t\t\t<div class=\"elementor-element elementor-element-d8648a1 elementor-widget elementor-widget-text-editor\" data-id=\"d8648a1\" data-element_type=\"widget\" data-widget_type=\"text-editor.default\">\n\t\t\t\t<div class=\"elementor-widget-container\">\n\t\t\t\t\t\t\t\t\t<p>\u00a0<\/p><p><strong>Edades<\/strong><\/p><p><span style=\"font-weight: 400;\">8 a 18 a\u00f1os<\/span><\/p><p><strong>Niveles<\/strong><\/p><p><span style=\"font-weight: 400;\">Coro Elemental \u2022 Coro Intermedio \u2022 Coro Avanzado<\/span><\/p><p><strong>Clases<\/strong><\/p><ul><li style=\"font-weight: 400;\" aria-level=\"1\"><span style=\"font-weight: 400;\">3 encuentros semanales<\/span><\/li><li style=\"font-weight: 400;\" aria-level=\"1\"><span style=\"font-weight: 400;\">3 horas por sesi\u00f3n<\/span><\/li><li style=\"font-weight: 400;\" aria-level=\"1\"><span style=\"font-weight: 400;\">Coro, solfeo y lectura a voces<\/span><\/li><li style=\"font-weight: 400;\" aria-level=\"1\"><span style=\"font-weight: 400;\">Teor\u00eda, entrenamiento auditivo y ritmo<\/span><\/li><li style=\"font-weight: 400;\" aria-level=\"1\"><span style=\"font-weight: 400;\">Flauta dulce, t\u00e9cnica vocal<\/span><\/li><li style=\"font-weight: 400;\" aria-level=\"1\"><span style=\"font-weight: 400;\">Talleres de movimiento y expresi\u00f3n corporal<\/span><\/li><li style=\"font-weight: 400;\" aria-level=\"1\"><span style=\"font-weight: 400;\">Apreciaci\u00f3n musical<\/span><\/li><li style=\"font-weight: 400;\" aria-level=\"1\"><span style=\"font-weight: 400;\">Guitarra, cuatro puertorrique\u00f1o<\/span><\/li><li style=\"font-weight: 400;\" aria-level=\"1\"><span style=\"font-weight: 400;\">Campanas de mano y campanas tubulares<\/span><\/li><\/ul><p><strong>Aprendizaje<\/strong><\/p><ul><li style=\"font-weight: 400;\" aria-level=\"1\"><span style=\"font-weight: 400;\">Formaci\u00f3n musical de nivel conservatorio<\/span><\/li><li style=\"font-weight: 400;\" aria-level=\"1\"><span style=\"font-weight: 400;\">Desarrollo vocal, auditivo, r\u00edtmico y art\u00edstico<\/span><\/li><li style=\"font-weight: 400;\" aria-level=\"1\"><span style=\"font-weight: 400;\">Curr\u00edculo acad\u00e9mico de 11 a\u00f1os que fortalece su preparaci\u00f3n coral y esc\u00e9nica<\/span><\/li><li style=\"font-weight: 400;\" aria-level=\"1\"><span style=\"font-weight: 400;\">Alto desempe\u00f1o que permite ingreso a conservatorios en Puerto Rico y el extranjero<\/span><\/li><\/ul><p><strong>Experiencia<\/strong><\/p><p><span style=\"font-weight: 400;\">Participaci\u00f3n en conciertos, actividades comunitarias, Misas Cantadas y Trullas Navide\u00f1as, compartiendo su m\u00fasica con diversos p\u00fablicos.<\/span><\/p><p><strong>HORARIO DE CLASE<\/strong><\/p><p><span id=\"docs-internal-guid-e5efe2f9-7fff-5bbf-d2c7-395323e6571c\" style=\"caret-color: #000000; color: #000000;\"><span style=\"font-size: 11pt; font-family: Arial, sans-serif; font-weight: bold; font-variant-ligatures: normal; font-variant-alternates: normal; font-variant-numeric: normal; font-variant-east-asian: normal; font-variant-position: normal; vertical-align: baseline; white-space: pre-wrap;\">Coro Elemental, Intermedio y Avanzado<\/span><span style=\"font-size: 11pt; font-family: Arial, sans-serif; font-weight: bold; font-variant-ligatures: normal; font-variant-alternates: normal; font-variant-numeric: normal; font-variant-east-asian: normal; font-variant-position: normal; vertical-align: baseline; white-space: pre-wrap;\"><br \/><\/span><span style=\"font-size: 11pt; font-family: Arial, sans-serif; font-variant-ligatures: normal; font-variant-alternates: normal; font-variant-numeric: normal; font-variant-east-asian: normal; font-variant-position: normal; vertical-align: baseline; white-space: pre-wrap;\">\u2022 Martes, jueves y viernes \u2014 3:30 pm a 6:30 pm<\/span><\/span><span style=\"font-weight: 400;\"><br \/><\/span><\/p>\t\t\t\t\t\t\t\t<\/div>\n\t\t\t\t<\/div>\n\t\t\t\t<\/div>\n\t\t\t\t\t<\/div>\n\t\t\t\t<\/div>\n\t\t<div class=\"elementor-element elementor-element-5283048 e-flex e-con-boxed e-con e-parent\" data-id=\"5283048\" data-element_type=\"container\">\n\t\t\t\t\t<div class=\"e-con-inner\">\n\t\t\t\t<div class=\"elementor-element elementor-element-e79d349 elementor-widget elementor-widget-heading\" data-id=\"e79d349\" data-element_type=\"widget\" data-widget_type=\"heading.default\">\n\t\t\t\t<div class=\"elementor-widget-container\">\n\t\t\t\t\t<h4 class=\"elementor-heading-title elementor-size-default\">Descripci\u00f3n de las clases<\/h4>\t\t\t\t<\/div>\n\t\t\t\t<\/div>\n\t\t\t\t\t<\/div>\n\t\t\t\t<\/div>\n\t\t<div class=\"elementor-element elementor-element-b101159 e-flex e-con-boxed e-con e-parent\" data-id=\"b101159\" data-element_type=\"container\">\n\t\t\t\t\t<div class=\"e-con-inner\">\n\t\t<div class=\"elementor-element elementor-element-aaf18bd e-con-full e-flex e-con e-child\" data-id=\"aaf18bd\" data-element_type=\"container\">\n\t\t\t\t<div class=\"elementor-element elementor-element-0c614b2 elementor-widget elementor-widget-text-editor\" data-id=\"0c614b2\" data-element_type=\"widget\" data-widget_type=\"text-editor.default\">\n\t\t\t\t<div class=\"elementor-widget-container\">\n\t\t\t\t\t\t\t\t\t<p style=\"caret-color: #000000; color: #000000;\" data-start=\"315\" data-end=\"350\"><strong data-start=\"322\" data-end=\"350\">Fundamentos de la M\u00fasica<\/strong><\/p>\n<p style=\"caret-color: #000000; color: #000000;\" data-start=\"351\" data-end=\"370\"><strong data-start=\"351\" data-end=\"368\">Qu\u00e9 aprenden:<\/strong><\/p>\n<ul style=\"caret-color: #000000; color: #000000;\" data-start=\"371\" data-end=\"433\">\n<li data-start=\"371\" data-end=\"380\">\n<p data-start=\"373\" data-end=\"380\">Ritmo<\/p>\n<\/li>\n<li data-start=\"381\" data-end=\"407\">\n<p data-start=\"383\" data-end=\"407\">Entrenamiento auditivo<\/p>\n<\/li>\n<li data-start=\"408\" data-end=\"422\">\n<p data-start=\"410\" data-end=\"422\">Entonaci\u00f3n<\/p>\n<\/li>\n<li data-start=\"423\" data-end=\"433\">\n<p data-start=\"425\" data-end=\"433\">Solfeo<\/p>\n<\/li>\n<\/ul>\n<p style=\"caret-color: #000000; color: #000000;\" data-start=\"435\" data-end=\"530\"><strong data-start=\"435\" data-end=\"453\">C\u00f3mo trabajan:<\/strong><br data-start=\"453\" data-end=\"456\" \/>Ejercicios de solfeo, lectura a primera vista y uso de partituras corales.<\/p>\t\t\t\t\t\t\t\t<\/div>\n\t\t\t\t<\/div>\n\t\t\t\t<\/div>\n\t\t<div class=\"elementor-element elementor-element-ec1fbe1 e-con-full e-flex e-con e-child\" data-id=\"ec1fbe1\" data-element_type=\"container\">\n\t\t<div class=\"elementor-element elementor-element-e26210f e-con-full e-flex e-con e-child\" data-id=\"e26210f\" data-element_type=\"container\">\n\t\t\t\t<div class=\"elementor-element elementor-element-b1dfed8 elementor-widget elementor-widget-image\" data-id=\"b1dfed8\" data-element_type=\"widget\" data-widget_type=\"image.default\">\n\t\t\t\t<div class=\"elementor-widget-container\">\n\t\t\t\t\t\t\t\t\t\t\t\t\t\t\t<img loading=\"lazy\" decoding=\"async\" width=\"800\" height=\"800\" src=\"https:\/\/corodeninosdesanjuan.org\/wp-content\/uploads\/2025\/11\/Fundamentos-de-la-musica.png\" class=\"attachment-large size-large wp-image-727\" alt=\"\" srcset=\"https:\/\/corodeninosdesanjuan.org\/wp-content\/uploads\/2025\/11\/Fundamentos-de-la-musica.png 1024w, https:\/\/corodeninosdesanjuan.org\/wp-content\/uploads\/2025\/11\/Fundamentos-de-la-musica-300x300.png 300w, https:\/\/corodeninosdesanjuan.org\/wp-content\/uploads\/2025\/11\/Fundamentos-de-la-musica-150x150.png 150w, https:\/\/corodeninosdesanjuan.org\/wp-content\/uploads\/2025\/11\/Fundamentos-de-la-musica-768x768.png 768w, https:\/\/corodeninosdesanjuan.org\/wp-content\/uploads\/2025\/11\/Fundamentos-de-la-musica-600x600.png 600w, https:\/\/corodeninosdesanjuan.org\/wp-content\/uploads\/2025\/11\/Fundamentos-de-la-musica-100x100.png 100w\" sizes=\"(max-width: 800px) 100vw, 800px\" \/>\t\t\t\t\t\t\t\t\t\t\t\t\t\t\t<\/div>\n\t\t\t\t<\/div>\n\t\t\t\t<\/div>\n\t\t\t\t<\/div>\n\t\t\t\t\t<\/div>\n\t\t\t\t<\/div>\n\t\t<div class=\"elementor-element elementor-element-1ec8805 e-flex e-con-boxed e-con e-parent\" data-id=\"1ec8805\" data-element_type=\"container\">\n\t\t\t\t\t<div class=\"e-con-inner\">\n\t\t\t\t\t<\/div>\n\t\t\t\t<\/div>\n\t\t<div class=\"elementor-element elementor-element-02124f1 e-flex e-con-boxed e-con e-parent\" data-id=\"02124f1\" data-element_type=\"container\">\n\t\t\t\t\t<div class=\"e-con-inner\">\n\t\t<div class=\"elementor-element elementor-element-844a17f e-con-full e-flex e-con e-child\" data-id=\"844a17f\" data-element_type=\"container\">\n\t\t\t\t<div class=\"elementor-element elementor-element-bbed64f elementor-widget elementor-widget-image\" data-id=\"bbed64f\" data-element_type=\"widget\" data-widget_type=\"image.default\">\n\t\t\t\t<div class=\"elementor-widget-container\">\n\t\t\t\t\t\t\t\t\t\t\t\t\t\t\t<img loading=\"lazy\" decoding=\"async\" width=\"800\" height=\"800\" src=\"https:\/\/corodeninosdesanjuan.org\/wp-content\/uploads\/2025\/11\/Coro-icono.png\" class=\"attachment-large size-large wp-image-728\" alt=\"\" srcset=\"https:\/\/corodeninosdesanjuan.org\/wp-content\/uploads\/2025\/11\/Coro-icono.png 1024w, https:\/\/corodeninosdesanjuan.org\/wp-content\/uploads\/2025\/11\/Coro-icono-300x300.png 300w, https:\/\/corodeninosdesanjuan.org\/wp-content\/uploads\/2025\/11\/Coro-icono-150x150.png 150w, https:\/\/corodeninosdesanjuan.org\/wp-content\/uploads\/2025\/11\/Coro-icono-768x768.png 768w, https:\/\/corodeninosdesanjuan.org\/wp-content\/uploads\/2025\/11\/Coro-icono-600x600.png 600w, https:\/\/corodeninosdesanjuan.org\/wp-content\/uploads\/2025\/11\/Coro-icono-100x100.png 100w\" sizes=\"(max-width: 800px) 100vw, 800px\" \/>\t\t\t\t\t\t\t\t\t\t\t\t\t\t\t<\/div>\n\t\t\t\t<\/div>\n\t\t\t\t<\/div>\n\t\t<div class=\"elementor-element elementor-element-6eacb82 e-con-full e-flex e-con e-child\" data-id=\"6eacb82\" data-element_type=\"container\">\n\t\t\t\t<div class=\"elementor-element elementor-element-308e2e4 elementor-widget elementor-widget-text-editor\" data-id=\"308e2e4\" data-element_type=\"widget\" data-widget_type=\"text-editor.default\">\n\t\t\t\t<div class=\"elementor-widget-container\">\n\t\t\t\t\t\t\t\t\t<p><strong data-start=\"993\" data-end=\"1001\">Coro<\/strong><\/p><p style=\"caret-color: #000000; color: #000000;\" data-start=\"1004\" data-end=\"1070\"><strong data-start=\"1004\" data-end=\"1020\">Incluido en:<\/strong>\u00a0Preparatoria, Elemental, Intermedio y Avanzado.<\/p><p style=\"caret-color: #000000; color: #000000;\" data-start=\"1072\" data-end=\"1099\"><strong data-start=\"1072\" data-end=\"1097\">Desarrollo principal:<\/strong><\/p><ul style=\"caret-color: #000000; color: #000000;\" data-start=\"1100\" data-end=\"1262\"><li data-start=\"1100\" data-end=\"1117\"><p data-start=\"1102\" data-end=\"1117\">Lectura coral<\/p><\/li><li data-start=\"1118\" data-end=\"1144\"><p data-start=\"1120\" data-end=\"1144\">T\u00e9cnica vocal aplicada<\/p><\/li><li data-start=\"1145\" data-end=\"1174\"><p data-start=\"1147\" data-end=\"1174\">Dicci\u00f3n en varios idiomas<\/p><\/li><li data-start=\"1175\" data-end=\"1216\"><p data-start=\"1177\" data-end=\"1216\">Estilos musicales de distintas \u00e9pocas<\/p><\/li><li data-start=\"1217\" data-end=\"1262\"><p data-start=\"1219\" data-end=\"1262\">Disciplina de ensayo y desempe\u00f1o esc\u00e9nico<\/p><\/li><\/ul><p style=\"caret-color: #000000; color: #000000;\" data-start=\"1264\" data-end=\"1293\"><strong data-start=\"1269\" data-end=\"1293\">Repertorio por nivel<\/strong><\/p><ul style=\"caret-color: #000000; color: #000000;\" data-start=\"1294\" data-end=\"1582\"><li data-start=\"1294\" data-end=\"1364\"><p data-start=\"1296\" data-end=\"1364\"><strong data-start=\"1296\" data-end=\"1313\">Preparatoria:<\/strong>\u00a0repertorio infantil\/folcl\u00f3rico; una voz y canon.<\/p><\/li><li data-start=\"1365\" data-end=\"1431\"><p data-start=\"1367\" data-end=\"1431\"><strong data-start=\"1367\" data-end=\"1381\">Elemental:<\/strong>\u00a0repertorio homof\u00f3nico y polif\u00f3nico (1\u20133 voces).<\/p><\/li><li data-start=\"1432\" data-end=\"1476\"><p data-start=\"1434\" data-end=\"1476\"><strong data-start=\"1434\" data-end=\"1449\">Intermedio:<\/strong>\u00a0polifon\u00eda hasta 4 voces.<\/p><\/li><li data-start=\"1477\" data-end=\"1582\"><p data-start=\"1479\" data-end=\"1582\"><strong data-start=\"1479\" data-end=\"1492\">Avanzado:<\/strong>\u00a0polifon\u00eda de 4\u20138 voces; repertorio complejo y piezas hist\u00f3ricas hasta repertorio moderno.<\/p><\/li><\/ul>\t\t\t\t\t\t\t\t<\/div>\n\t\t\t\t<\/div>\n\t\t\t\t<\/div>\n\t\t\t\t\t<\/div>\n\t\t\t\t<\/div>\n\t\t<div class=\"elementor-element elementor-element-897c7d2 e-flex e-con-boxed e-con e-parent\" data-id=\"897c7d2\" data-element_type=\"container\">\n\t\t\t\t\t<div class=\"e-con-inner\">\n\t\t<div class=\"elementor-element elementor-element-7c323b1 e-con-full e-flex e-con e-child\" data-id=\"7c323b1\" data-element_type=\"container\">\n\t\t\t\t<div class=\"elementor-element elementor-element-f9c5fa6 elementor-widget elementor-widget-text-editor\" data-id=\"f9c5fa6\" data-element_type=\"widget\" data-widget_type=\"text-editor.default\">\n\t\t\t\t<div class=\"elementor-widget-container\">\n\t\t\t\t\t\t\t\t\t<p style=\"caret-color: #000000; color: #000000;\" data-start=\"1589\" data-end=\"1621\"><strong data-start=\"1596\" data-end=\"1619\">Apreciaci\u00f3n Musical<\/strong><\/p>\n<p style=\"caret-color: #000000; color: #000000;\" data-start=\"1622\" data-end=\"1674\"><strong data-start=\"1622\" data-end=\"1638\">Incluido en:<\/strong>\u00a0Elemental, Intermedio y Avanzado.<\/p>\n<p style=\"caret-color: #000000; color: #000000;\" data-start=\"1676\" data-end=\"1724\"><strong data-start=\"1676\" data-end=\"1689\">Objetivo:<\/strong>\u00a0formar la sensibilidad auditiva.<\/p>\n<p style=\"caret-color: #000000; color: #000000;\" data-start=\"1726\" data-end=\"1747\"><strong data-start=\"1726\" data-end=\"1745\">Qu\u00e9 se trabaja:<\/strong><\/p>\n<ul style=\"caret-color: #000000; color: #000000;\" data-start=\"1748\" data-end=\"1868\">\n<li data-start=\"1748\" data-end=\"1766\">\n<p data-start=\"1750\" data-end=\"1766\">Escucha activa<\/p>\n<\/li>\n<li data-start=\"1767\" data-end=\"1787\">\n<p data-start=\"1769\" data-end=\"1787\">An\u00e1lisis musical<\/p>\n<\/li>\n<li data-start=\"1788\" data-end=\"1817\">\n<p data-start=\"1790\" data-end=\"1817\">Estilos, g\u00e9neros y \u00e9pocas<\/p>\n<\/li>\n<li data-start=\"1818\" data-end=\"1868\">\n<p data-start=\"1820\" data-end=\"1868\">Comprensi\u00f3n del contexto de obras y compositores<\/p>\n<\/li>\n<\/ul>\t\t\t\t\t\t\t\t<\/div>\n\t\t\t\t<\/div>\n\t\t\t\t<\/div>\n\t\t<div class=\"elementor-element elementor-element-5ad6005 e-con-full e-flex e-con e-child\" data-id=\"5ad6005\" data-element_type=\"container\">\n\t\t\t\t<div class=\"elementor-element elementor-element-06d5497 elementor-widget elementor-widget-image\" data-id=\"06d5497\" data-element_type=\"widget\" data-widget_type=\"image.default\">\n\t\t\t\t<div class=\"elementor-widget-container\">\n\t\t\t\t\t\t\t\t\t\t\t\t\t\t\t<img loading=\"lazy\" decoding=\"async\" width=\"800\" height=\"800\" src=\"https:\/\/corodeninosdesanjuan.org\/wp-content\/uploads\/2025\/11\/Apreciacion-musical-icono-1.png\" class=\"attachment-large size-large wp-image-730\" alt=\"\" srcset=\"https:\/\/corodeninosdesanjuan.org\/wp-content\/uploads\/2025\/11\/Apreciacion-musical-icono-1.png 1024w, https:\/\/corodeninosdesanjuan.org\/wp-content\/uploads\/2025\/11\/Apreciacion-musical-icono-1-300x300.png 300w, https:\/\/corodeninosdesanjuan.org\/wp-content\/uploads\/2025\/11\/Apreciacion-musical-icono-1-150x150.png 150w\" sizes=\"(max-width: 800px) 100vw, 800px\" \/>\t\t\t\t\t\t\t\t\t\t\t\t\t\t\t<\/div>\n\t\t\t\t<\/div>\n\t\t\t\t<\/div>\n\t\t\t\t\t<\/div>\n\t\t\t\t<\/div>\n\t\t<div class=\"elementor-element elementor-element-c59eb1d e-flex e-con-boxed e-con e-parent\" data-id=\"c59eb1d\" data-element_type=\"container\">\n\t\t\t\t\t<div class=\"e-con-inner\">\n\t\t<div class=\"elementor-element elementor-element-9b0c8ac e-con-full e-flex e-con e-child\" data-id=\"9b0c8ac\" data-element_type=\"container\">\n\t\t\t\t<div class=\"elementor-element elementor-element-e9ae583 elementor-widget elementor-widget-image\" data-id=\"e9ae583\" data-element_type=\"widget\" data-widget_type=\"image.default\">\n\t\t\t\t<div class=\"elementor-widget-container\">\n\t\t\t\t\t\t\t\t\t\t\t\t\t\t\t<img loading=\"lazy\" decoding=\"async\" width=\"800\" height=\"800\" src=\"https:\/\/corodeninosdesanjuan.org\/wp-content\/uploads\/2025\/11\/instrumentos-musicales.png\" class=\"attachment-large size-large wp-image-731\" alt=\"\" srcset=\"https:\/\/corodeninosdesanjuan.org\/wp-content\/uploads\/2025\/11\/instrumentos-musicales.png 1024w, https:\/\/corodeninosdesanjuan.org\/wp-content\/uploads\/2025\/11\/instrumentos-musicales-300x300.png 300w, https:\/\/corodeninosdesanjuan.org\/wp-content\/uploads\/2025\/11\/instrumentos-musicales-150x150.png 150w\" sizes=\"(max-width: 800px) 100vw, 800px\" \/>\t\t\t\t\t\t\t\t\t\t\t\t\t\t\t<\/div>\n\t\t\t\t<\/div>\n\t\t\t\t<\/div>\n\t\t<div class=\"elementor-element elementor-element-5d911bf e-con-full e-flex e-con e-child\" data-id=\"5d911bf\" data-element_type=\"container\">\n\t\t\t\t<div class=\"elementor-element elementor-element-78fb7cc elementor-widget elementor-widget-text-editor\" data-id=\"78fb7cc\" data-element_type=\"widget\" data-widget_type=\"text-editor.default\">\n\t\t\t\t<div class=\"elementor-widget-container\">\n\t\t\t\t\t\t\t\t\t<p data-start=\"1875\" data-end=\"1910\"><strong data-start=\"1882\" data-end=\"1908\">Instrumentos Musicales<\/strong><\/p>\n<p data-start=\"1911\" data-end=\"2052\"><strong data-start=\"1911\" data-end=\"1927\">Incluido en:<\/strong> Elemental, Intermedio y Avanzado.<br data-start=\"1961\" data-end=\"1964\" \/><strong data-start=\"1964\" data-end=\"1981\">Instrumentos:<\/strong><br data-start=\"1981\" data-end=\"1984\" \/>Flauta dulce \u2022 Campanas de mano \u2022 Guitarra \u2022 Cuatro puertorrique\u00f1o<\/p>\n<p data-start=\"2054\" data-end=\"2076\"><strong data-start=\"2054\" data-end=\"2074\">Qu\u00e9 desarrollan:<\/strong><\/p>\n<ul data-start=\"2077\" data-end=\"2177\">\n<li data-start=\"2077\" data-end=\"2107\">\n<p data-start=\"2079\" data-end=\"2107\">Lectura r\u00edtmica y mel\u00f3dica<\/p>\n<\/li>\n<li data-start=\"2108\" data-end=\"2125\">\n<p data-start=\"2110\" data-end=\"2125\">O\u00eddo arm\u00f3nico<\/p>\n<\/li>\n<li data-start=\"2126\" data-end=\"2177\">\n<p data-start=\"2128\" data-end=\"2177\">Acompa\u00f1amiento instrumental al repertorio coral<\/p>\n<\/li>\n<\/ul>\n<p data-start=\"2179\" data-end=\"2204\"><strong data-start=\"2179\" data-end=\"2202\">Conjuntos del CNSJ:<\/strong><\/p>\n<ul data-start=\"2205\" data-end=\"2312\">\n<li data-start=\"2205\" data-end=\"2247\">\n<p data-start=\"2207\" data-end=\"2247\">Renaissance Consort (flautas barrocas)<\/p>\n<\/li>\n<li data-start=\"2248\" data-end=\"2281\">\n<p data-start=\"2250\" data-end=\"2281\">Campanelas (campanas de mano)<\/p>\n<\/li>\n<li data-start=\"2282\" data-end=\"2312\">\n<p data-start=\"2284\" data-end=\"2312\">Rondalla (guitarra y cuatro)<\/p>\n<\/li>\n<\/ul>\t\t\t\t\t\t\t\t<\/div>\n\t\t\t\t<\/div>\n\t\t\t\t<\/div>\n\t\t\t\t\t<\/div>\n\t\t\t\t<\/div>\n\t\t<div class=\"elementor-element elementor-element-60e5c6b e-flex e-con-boxed e-con e-parent\" data-id=\"60e5c6b\" data-element_type=\"container\">\n\t\t\t\t\t<div class=\"e-con-inner\">\n\t\t<div class=\"elementor-element elementor-element-95b88d9 e-con-full e-flex e-con e-child\" data-id=\"95b88d9\" data-element_type=\"container\">\n\t\t\t\t<div class=\"elementor-element elementor-element-c148c8f elementor-widget elementor-widget-text-editor\" data-id=\"c148c8f\" data-element_type=\"widget\" data-widget_type=\"text-editor.default\">\n\t\t\t\t<div class=\"elementor-widget-container\">\n\t\t\t\t\t\t\t\t\t<p data-start=\"2319\" data-end=\"2345\"><strong data-start=\"2326\" data-end=\"2343\">T\u00e9cnica Vocal<\/strong><\/p>\n<p data-start=\"2346\" data-end=\"2383\"><strong data-start=\"2346\" data-end=\"2362\">Incluido en:<\/strong> todos los niveles.<\/p>\n<p data-start=\"2385\" data-end=\"2404\"><strong data-start=\"2385\" data-end=\"2402\">Qu\u00e9 aprenden:<\/strong><\/p>\n<ul data-start=\"2405\" data-end=\"2536\">\n<li data-start=\"2405\" data-end=\"2426\">\n<p data-start=\"2407\" data-end=\"2426\">Cuidado de la voz<\/p>\n<\/li>\n<li data-start=\"2427\" data-end=\"2452\">\n<p data-start=\"2429\" data-end=\"2452\">Respiraci\u00f3n y postura<\/p>\n<\/li>\n<li data-start=\"2453\" data-end=\"2476\">\n<p data-start=\"2455\" data-end=\"2476\">Conciencia corporal<\/p>\n<\/li>\n<li data-start=\"2477\" data-end=\"2505\">\n<p data-start=\"2479\" data-end=\"2505\">Principios del Bel Canto<\/p>\n<\/li>\n<li data-start=\"2506\" data-end=\"2536\">\n<p data-start=\"2508\" data-end=\"2536\">Proyecci\u00f3n clara y estable<\/p>\n<\/li>\n<\/ul>\n<p data-start=\"2538\" data-end=\"2614\"><strong data-start=\"2538\" data-end=\"2553\">Aplicaci\u00f3n:<\/strong><br data-start=\"2553\" data-end=\"2556\" \/>Repertorio coral y solista, seg\u00fan el nivel del estudiante.<\/p>\t\t\t\t\t\t\t\t<\/div>\n\t\t\t\t<\/div>\n\t\t\t\t<\/div>\n\t\t<div class=\"elementor-element elementor-element-8656c30 e-con-full e-flex e-con e-child\" data-id=\"8656c30\" data-element_type=\"container\">\n\t\t\t\t<div class=\"elementor-element elementor-element-abb2a11 elementor-widget elementor-widget-image\" data-id=\"abb2a11\" data-element_type=\"widget\" data-widget_type=\"image.default\">\n\t\t\t\t<div class=\"elementor-widget-container\">\n\t\t\t\t\t\t\t\t\t\t\t\t\t\t\t<img loading=\"lazy\" decoding=\"async\" width=\"800\" height=\"800\" src=\"https:\/\/corodeninosdesanjuan.org\/wp-content\/uploads\/2025\/11\/Tecnica-vocal.png\" class=\"attachment-large size-large wp-image-732\" alt=\"\" srcset=\"https:\/\/corodeninosdesanjuan.org\/wp-content\/uploads\/2025\/11\/Tecnica-vocal.png 1024w, https:\/\/corodeninosdesanjuan.org\/wp-content\/uploads\/2025\/11\/Tecnica-vocal-300x300.png 300w, https:\/\/corodeninosdesanjuan.org\/wp-content\/uploads\/2025\/11\/Tecnica-vocal-150x150.png 150w\" sizes=\"(max-width: 800px) 100vw, 800px\" \/>\t\t\t\t\t\t\t\t\t\t\t\t\t\t\t<\/div>\n\t\t\t\t<\/div>\n\t\t\t\t<\/div>\n\t\t\t\t\t<\/div>\n\t\t\t\t<\/div>\n\t\t\t\t<\/div>\n\t\t\n    <div class=\"xs_social_share_widget xs_share_url after_content \t\tmain_content  wslu-style-1 wslu-share-box-shaped wslu-fill-colored wslu-none wslu-share-horizontal wslu-theme-font-no wslu-main_content\">\n\n\t\t\n        <ul>\n\t\t\t        <\/ul>\n    <\/div> \n","protected":false},"excerpt":{"rendered":"<p>Formaci\u00f3n esc\u00e9nico musical para la vida Educamos y transformamos vidas por medio de la m\u00fasica En el Coro de Ni\u00f1os de San Juan formamos ni\u00f1as, ni\u00f1os y j\u00f3venes de 5 a 18 a\u00f1os a trav\u00e9s de un modelo esc\u00e9nico\u2013musical \u00fanico en Puerto Rico. Nuestra propuesta educativa integra la excelencia coral, el desarrollo de habilidades musicales [&hellip;]<\/p>\n","protected":false},"author":3,"featured_media":0,"parent":0,"menu_order":0,"comment_status":"closed","ping_status":"closed","template":"","meta":{"postBodyCss":"","postBodyMargin":[],"postBodyPadding":[],"postBodyBackground":{"backgroundType":"classic","gradient":""},"footnotes":""},"class_list":["post-722","page","type-page","status-publish","hentry"],"_links":{"self":[{"href":"https:\/\/corodeninosdesanjuan.org\/index.php?rest_route=\/wp\/v2\/pages\/722","targetHints":{"allow":["GET"]}}],"collection":[{"href":"https:\/\/corodeninosdesanjuan.org\/index.php?rest_route=\/wp\/v2\/pages"}],"about":[{"href":"https:\/\/corodeninosdesanjuan.org\/index.php?rest_route=\/wp\/v2\/types\/page"}],"author":[{"embeddable":true,"href":"https:\/\/corodeninosdesanjuan.org\/index.php?rest_route=\/wp\/v2\/users\/3"}],"replies":[{"embeddable":true,"href":"https:\/\/corodeninosdesanjuan.org\/index.php?rest_route=%2Fwp%2Fv2%2Fcomments&post=722"}],"version-history":[{"count":15,"href":"https:\/\/corodeninosdesanjuan.org\/index.php?rest_route=\/wp\/v2\/pages\/722\/revisions"}],"predecessor-version":[{"id":1136,"href":"https:\/\/corodeninosdesanjuan.org\/index.php?rest_route=\/wp\/v2\/pages\/722\/revisions\/1136"}],"wp:attachment":[{"href":"https:\/\/corodeninosdesanjuan.org\/index.php?rest_route=%2Fwp%2Fv2%2Fmedia&parent=722"}],"curies":[{"name":"wp","href":"https:\/\/api.w.org\/{rel}","templated":true}]}}