{"id":739,"date":"2025-11-22T18:20:29","date_gmt":"2025-11-22T18:20:29","guid":{"rendered":"https:\/\/corodeninosdesanjuan.org\/?page_id=739"},"modified":"2025-11-24T15:26:36","modified_gmt":"2025-11-24T15:26:36","slug":"el-sonido-de-evy","status":"publish","type":"page","link":"https:\/\/corodeninosdesanjuan.org\/?page_id=739","title":{"rendered":"El Sonido de Evy"},"content":{"rendered":"\t\t<div data-elementor-type=\"wp-page\" data-elementor-id=\"739\" class=\"elementor elementor-739\" data-elementor-post-type=\"page\">\n\t\t\t\t<div class=\"elementor-element elementor-element-8745fad e-flex e-con-boxed e-con e-parent\" data-id=\"8745fad\" data-element_type=\"container\">\n\t\t\t\t\t<div class=\"e-con-inner\">\n\t\t\t\t<div class=\"elementor-element elementor-element-1820398 elementor-widget elementor-widget-heading\" data-id=\"1820398\" data-element_type=\"widget\" data-widget_type=\"heading.default\">\n\t\t\t\t<div class=\"elementor-widget-container\">\n\t\t\t\t\t<h4 class=\"elementor-heading-title elementor-size-default\">Identidad Vocal<\/h4>\t\t\t\t<\/div>\n\t\t\t\t<\/div>\n\t\t\t\t\t<\/div>\n\t\t\t\t<\/div>\n\t\t<div class=\"elementor-element elementor-element-cbfd5a5 e-flex e-con-boxed e-con e-parent\" data-id=\"cbfd5a5\" data-element_type=\"container\">\n\t\t\t\t\t<div class=\"e-con-inner\">\n\t\t\t\t<div class=\"elementor-element elementor-element-788d466 elementor-widget elementor-widget-text-editor\" data-id=\"788d466\" data-element_type=\"widget\" data-widget_type=\"text-editor.default\">\n\t\t\t\t<div class=\"elementor-widget-container\">\n\t\t\t\t\t\t\t\t\t<p><span style=\"font-weight: 400;\">Desde su fundaci\u00f3n en 1966, el Coro de Ni\u00f1os de San Juan se distingui\u00f3 por una b\u00fasqueda sonora muy espec\u00edfica. <\/span><span style=\"font-weight: 400;\">Evy Luc\u00edo C\u00f3rdova no aspiraba a un coro infantil con un sonido ligero o meramente escolar; su visi\u00f3n surgi\u00f3 de su formaci\u00f3n en m\u00fasica cl\u00e1sica y lit\u00fargica, y de la influencia t\u00e9cnica del Coro de Ni\u00f1os de Viena.<\/span><\/p><p><span style=\"font-weight: 400;\">Para Evy, la voz infantil deb\u00eda trabajarse <\/span><b>con el mismo rigor art\u00edstico que la voz adulta<\/b><span style=\"font-weight: 400;\">, priorizando afinaci\u00f3n, respiraci\u00f3n, apoyo, armon\u00eda y homogeneidad de timbre. La meta era desarrollar <\/span><b>int\u00e9rpretes<\/b><span style=\"font-weight: 400;\">, no solo \u201cni\u00f1os que cantan\u201d.<\/span><\/p>\t\t\t\t\t\t\t\t<\/div>\n\t\t\t\t<\/div>\n\t\t\t\t<div class=\"elementor-element elementor-element-cba2590 elementor-blockquote--skin-boxed elementor-widget elementor-widget-blockquote\" data-id=\"cba2590\" data-element_type=\"widget\" data-widget_type=\"blockquote.default\">\n\t\t\t\t<div class=\"elementor-widget-container\">\n\t\t\t\t\t\t\t<blockquote class=\"elementor-blockquote\">\n\t\t\t<p class=\"elementor-blockquote__content\">\n\t\t\t\t\u201cLos ni\u00f1os van a cantar como cantantes, no como ni\u00f1os.\u201d\t\t\t<\/p>\n\t\t\t\t\t\t\t<div class=\"e-q-footer\">\n\t\t\t\t\t\t\t\t\t\t\t<cite class=\"elementor-blockquote__author\"><span id=\"docs-internal-guid-05ddda51-7fff-dc37-8138-01941a6555f4\" style=\"white-space: normal;font-weight: normal\"><span style=\"font-size: 11pt;font-family: Arial, sans-serif;vertical-align: baseline;white-space: pre-wrap\">\u2014 <\/span><span style=\"font-size: 11pt;font-family: Arial, sans-serif;font-style: italic;vertical-align: baseline;white-space: pre-wrap\">Evy Luc\u00edo C\u00f3rdova<\/span><\/span><br><\/cite>\n\t\t\t\t\t\t\t\t\t\t\t\t\t\t<\/div>\n\t\t\t\t\t<\/blockquote>\n\t\t\t\t\t\t<\/div>\n\t\t\t\t<\/div>\n\t\t\t\t<div class=\"elementor-element elementor-element-bbf0ea6 elementor-widget elementor-widget-image\" data-id=\"bbf0ea6\" data-element_type=\"widget\" data-widget_type=\"image.default\">\n\t\t\t\t<div class=\"elementor-widget-container\">\n\t\t\t\t\t\t\t\t\t\t\t\t\t\t\t<img fetchpriority=\"high\" decoding=\"async\" width=\"800\" height=\"206\" src=\"https:\/\/corodeninosdesanjuan.org\/wp-content\/uploads\/2025\/11\/Captura-de-pantalla-2025-11-22-a-las-2.05.49-p.m-1024x264.png\" class=\"attachment-large size-large wp-image-760\" alt=\"\" srcset=\"https:\/\/corodeninosdesanjuan.org\/wp-content\/uploads\/2025\/11\/Captura-de-pantalla-2025-11-22-a-las-2.05.49-p.m-1024x264.png 1024w, https:\/\/corodeninosdesanjuan.org\/wp-content\/uploads\/2025\/11\/Captura-de-pantalla-2025-11-22-a-las-2.05.49-p.m-300x77.png 300w, https:\/\/corodeninosdesanjuan.org\/wp-content\/uploads\/2025\/11\/Captura-de-pantalla-2025-11-22-a-las-2.05.49-p.m-768x198.png 768w, https:\/\/corodeninosdesanjuan.org\/wp-content\/uploads\/2025\/11\/Captura-de-pantalla-2025-11-22-a-las-2.05.49-p.m-1536x396.png 1536w, https:\/\/corodeninosdesanjuan.org\/wp-content\/uploads\/2025\/11\/Captura-de-pantalla-2025-11-22-a-las-2.05.49-p.m-2048x528.png 2048w, https:\/\/corodeninosdesanjuan.org\/wp-content\/uploads\/2025\/11\/Captura-de-pantalla-2025-11-22-a-las-2.05.49-p.m-600x155.png 600w\" sizes=\"(max-width: 800px) 100vw, 800px\" \/>\t\t\t\t\t\t\t\t\t\t\t\t\t\t\t<\/div>\n\t\t\t\t<\/div>\n\t\t\t\t\t<\/div>\n\t\t\t\t<\/div>\n\t\t<div class=\"elementor-element elementor-element-3918afd e-flex e-con-boxed e-con e-parent\" data-id=\"3918afd\" data-element_type=\"container\">\n\t\t\t\t\t<div class=\"e-con-inner\">\n\t\t\t\t<div class=\"elementor-element elementor-element-73d8061 elementor-widget elementor-widget-text-editor\" data-id=\"73d8061\" data-element_type=\"widget\" data-widget_type=\"text-editor.default\">\n\t\t\t\t<div class=\"elementor-widget-container\">\n\t\t\t\t\t\t\t\t\t<p><span style=\"font-weight: 400;\">Evy comparaba esta b\u00fasqueda con el concepto de <\/span><b>\u201cThe Glenn Miller Sound\u201d<\/b><span style=\"font-weight: 400;\">: <\/span><span style=\"font-weight: 400;\">un sonido \u00fanico, reconocible, que no es casualidad, sino <\/span><b>resultado de una filosof\u00eda art\u00edstica y un m\u00e9todo t\u00e9cnico consistente<\/b><span style=\"font-weight: 400;\">. Del mismo modo, el Coro desarroll\u00f3 un color vocal propio \u2014 delicado pero firme, luminoso pero disciplinado \u2014 que ha sido la esencia de su prestigio nacional e internacional.<\/span><\/p>\t\t\t\t\t\t\t\t<\/div>\n\t\t\t\t<\/div>\n\t\t\t\t\t<\/div>\n\t\t\t\t<\/div>\n\t\t<div class=\"elementor-element elementor-element-7210577 e-flex e-con-boxed e-con e-parent\" data-id=\"7210577\" data-element_type=\"container\">\n\t\t\t\t\t<div class=\"e-con-inner\">\n\t\t\t\t<div class=\"elementor-element elementor-element-7d1c270 elementor-widget elementor-widget-heading\" data-id=\"7d1c270\" data-element_type=\"widget\" data-widget_type=\"heading.default\">\n\t\t\t\t<div class=\"elementor-widget-container\">\n\t\t\t\t\t<h5 class=\"elementor-heading-title elementor-size-default\">Este \u201cSonido de Evy\u201d se ha transmitido de generaci\u00f3n en generaci\u00f3n a trav\u00e9s de:\nla t\u00e9cnica coral,\nla formaci\u00f3n auditiva,\nla continuidad pedag\u00f3gica de las maestras y directoras,\ny el compromiso con la m\u00fasica sacra y la polifon\u00eda cl\u00e1sica.\n<\/h5>\t\t\t\t<\/div>\n\t\t\t\t<\/div>\n\t\t\t\t<div class=\"elementor-element elementor-element-b9755d3 elementor-widget elementor-widget-text-editor\" data-id=\"b9755d3\" data-element_type=\"widget\" data-widget_type=\"text-editor.default\">\n\t\t\t\t<div class=\"elementor-widget-container\">\n\t\t\t\t\t\t\t\t\t<p>Hoy, la conservaci\u00f3n de este sonido no solo es una decisi\u00f3n musical: Es parte del <strong>patrimonio vivo<\/strong> del Coro y una de sus contribuciones m\u00e1s significativas a la cultura coral de Puerto Rico&nbsp;<\/p>\t\t\t\t\t\t\t\t<\/div>\n\t\t\t\t<\/div>\n\t\t\t\t\t<\/div>\n\t\t\t\t<\/div>\n\t\t\t\t<\/div>\n\t\t\n    <div class=\"xs_social_share_widget xs_share_url after_content \t\tmain_content  wslu-style-1 wslu-share-box-shaped wslu-fill-colored wslu-none wslu-share-horizontal wslu-theme-font-no wslu-main_content\">\n\n\t\t\n        <ul>\n\t\t\t        <\/ul>\n    <\/div> \n","protected":false},"excerpt":{"rendered":"<p>Identidad Vocal Desde su fundaci\u00f3n en 1966, el Coro de Ni\u00f1os de San Juan se distingui\u00f3 por una b\u00fasqueda sonora muy espec\u00edfica. Evy Luc\u00edo C\u00f3rdova no aspiraba a un coro infantil con un sonido ligero o meramente escolar; su visi\u00f3n surgi\u00f3 de su formaci\u00f3n en m\u00fasica cl\u00e1sica y lit\u00fargica, y de la influencia t\u00e9cnica del [&hellip;]<\/p>\n","protected":false},"author":3,"featured_media":0,"parent":0,"menu_order":0,"comment_status":"closed","ping_status":"closed","template":"","meta":{"postBodyCss":"","postBodyMargin":[],"postBodyPadding":[],"postBodyBackground":{"backgroundType":"classic","gradient":""},"footnotes":""},"class_list":["post-739","page","type-page","status-publish","hentry"],"_links":{"self":[{"href":"https:\/\/corodeninosdesanjuan.org\/index.php?rest_route=\/wp\/v2\/pages\/739","targetHints":{"allow":["GET"]}}],"collection":[{"href":"https:\/\/corodeninosdesanjuan.org\/index.php?rest_route=\/wp\/v2\/pages"}],"about":[{"href":"https:\/\/corodeninosdesanjuan.org\/index.php?rest_route=\/wp\/v2\/types\/page"}],"author":[{"embeddable":true,"href":"https:\/\/corodeninosdesanjuan.org\/index.php?rest_route=\/wp\/v2\/users\/3"}],"replies":[{"embeddable":true,"href":"https:\/\/corodeninosdesanjuan.org\/index.php?rest_route=%2Fwp%2Fv2%2Fcomments&post=739"}],"version-history":[{"count":10,"href":"https:\/\/corodeninosdesanjuan.org\/index.php?rest_route=\/wp\/v2\/pages\/739\/revisions"}],"predecessor-version":[{"id":876,"href":"https:\/\/corodeninosdesanjuan.org\/index.php?rest_route=\/wp\/v2\/pages\/739\/revisions\/876"}],"wp:attachment":[{"href":"https:\/\/corodeninosdesanjuan.org\/index.php?rest_route=%2Fwp%2Fv2%2Fmedia&parent=739"}],"curies":[{"name":"wp","href":"https:\/\/api.w.org\/{rel}","templated":true}]}}