{"id":779,"date":"2025-11-22T19:46:57","date_gmt":"2025-11-22T19:46:57","guid":{"rendered":"https:\/\/corodeninosdesanjuan.org\/?page_id=779"},"modified":"2025-12-01T12:31:52","modified_gmt":"2025-12-01T12:31:52","slug":"quienes-somos-2","status":"publish","type":"page","link":"https:\/\/corodeninosdesanjuan.org\/?page_id=779","title":{"rendered":"QUI\u00c9NES SOMOS"},"content":{"rendered":"\t\t<div data-elementor-type=\"wp-page\" data-elementor-id=\"779\" class=\"elementor elementor-779\" data-elementor-post-type=\"page\">\n\t\t\t\t<div class=\"elementor-element elementor-element-6c848a5 e-flex e-con-boxed e-con e-parent\" data-id=\"6c848a5\" data-element_type=\"container\">\n\t\t\t\t\t<div class=\"e-con-inner\">\n\t\t<div class=\"elementor-element elementor-element-4d6de5c e-con-full e-flex e-con e-child\" data-id=\"4d6de5c\" data-element_type=\"container\">\n\t\t\t\t<div class=\"elementor-element elementor-element-5a021a9 elementor-widget elementor-widget-heading\" data-id=\"5a021a9\" data-element_type=\"widget\" data-widget_type=\"heading.default\">\n\t\t\t\t<div class=\"elementor-widget-container\">\n\t\t\t\t\t<h4 class=\"elementor-heading-title elementor-size-default\">MISI\u00d3N<\/h4>\t\t\t\t<\/div>\n\t\t\t\t<\/div>\n\t\t\t\t<\/div>\n\t\t<div class=\"elementor-element elementor-element-4b35453 e-con-full e-flex e-con e-child\" data-id=\"4b35453\" data-element_type=\"container\">\n\t\t\t\t<div class=\"elementor-element elementor-element-2011172 elementor-widget elementor-widget-text-editor\" data-id=\"2011172\" data-element_type=\"widget\" data-widget_type=\"text-editor.default\">\n\t\t\t\t<div class=\"elementor-widget-container\">\n\t\t\t\t\t\t\t\t\t<p><b><i>El Coro de Ni\u00f1os de San Juan es una escuela de arte esc\u00e9nico-musical con un curr\u00edculo acad\u00e9mico completo y de formaci\u00f3n human\u00edstica.<\/i><\/b><\/p>\t\t\t\t\t\t\t\t<\/div>\n\t\t\t\t<\/div>\n\t\t\t\t<\/div>\n\t\t\t\t\t<\/div>\n\t\t\t\t<\/div>\n\t\t<div class=\"elementor-element elementor-element-d9cf94b e-flex e-con-boxed e-con e-parent\" data-id=\"d9cf94b\" data-element_type=\"container\">\n\t\t\t\t\t<div class=\"e-con-inner\">\n\t\t<div class=\"elementor-element elementor-element-a4fd007 e-con-full e-flex e-con e-child\" data-id=\"a4fd007\" data-element_type=\"container\">\n\t\t\t\t<div class=\"elementor-element elementor-element-2220f7a elementor-widget elementor-widget-heading\" data-id=\"2220f7a\" data-element_type=\"widget\" data-widget_type=\"heading.default\">\n\t\t\t\t<div class=\"elementor-widget-container\">\n\t\t\t\t\t<h4 class=\"elementor-heading-title elementor-size-default\">VISI\u00d3N<\/h4>\t\t\t\t<\/div>\n\t\t\t\t<\/div>\n\t\t\t\t<\/div>\n\t\t<div class=\"elementor-element elementor-element-801bb23 e-con-full e-flex e-con e-child\" data-id=\"801bb23\" data-element_type=\"container\">\n\t\t\t\t<div class=\"elementor-element elementor-element-b5b8289 elementor-widget elementor-widget-text-editor\" data-id=\"b5b8289\" data-element_type=\"widget\" data-widget_type=\"text-editor.default\">\n\t\t\t\t<div class=\"elementor-widget-container\">\n\t\t\t\t\t\t\t\t\t<p><strong>El Coro de Ni\u00f1os de San Juan es una escuela de arte esc\u00e9nico-musical con un curr\u00edculo acad\u00e9mico completo y de formaci\u00f3n human\u00edstica.<\/strong><\/p>\t\t\t\t\t\t\t\t<\/div>\n\t\t\t\t<\/div>\n\t\t\t\t<\/div>\n\t\t\t\t\t<\/div>\n\t\t\t\t<\/div>\n\t\t<div class=\"elementor-element elementor-element-5950354 e-flex e-con-boxed e-con e-parent\" data-id=\"5950354\" data-element_type=\"container\">\n\t\t\t\t\t<div class=\"e-con-inner\">\n\t\t<div class=\"elementor-element elementor-element-68f1096 e-con-full e-flex e-con e-child\" data-id=\"68f1096\" data-element_type=\"container\">\n\t\t\t\t<div class=\"elementor-element elementor-element-b0e5f3e elementor-widget elementor-widget-image\" data-id=\"b0e5f3e\" data-element_type=\"widget\" data-widget_type=\"image.default\">\n\t\t\t\t<div class=\"elementor-widget-container\">\n\t\t\t\t\t\t\t\t\t\t\t\t\t\t\t<img fetchpriority=\"high\" decoding=\"async\" width=\"800\" height=\"534\" src=\"https:\/\/corodeninosdesanjuan.org\/wp-content\/uploads\/2025\/11\/486052080_1082172680611133_4497814751416828595_n-1024x683.jpg\" class=\"attachment-large size-large wp-image-750\" alt=\"\" srcset=\"https:\/\/corodeninosdesanjuan.org\/wp-content\/uploads\/2025\/11\/486052080_1082172680611133_4497814751416828595_n-1024x683.jpg 1024w, https:\/\/corodeninosdesanjuan.org\/wp-content\/uploads\/2025\/11\/486052080_1082172680611133_4497814751416828595_n-300x200.jpg 300w, https:\/\/corodeninosdesanjuan.org\/wp-content\/uploads\/2025\/11\/486052080_1082172680611133_4497814751416828595_n-768x512.jpg 768w, https:\/\/corodeninosdesanjuan.org\/wp-content\/uploads\/2025\/11\/486052080_1082172680611133_4497814751416828595_n-1536x1024.jpg 1536w, https:\/\/corodeninosdesanjuan.org\/wp-content\/uploads\/2025\/11\/486052080_1082172680611133_4497814751416828595_n-600x400.jpg 600w, https:\/\/corodeninosdesanjuan.org\/wp-content\/uploads\/2025\/11\/486052080_1082172680611133_4497814751416828595_n.jpg 2048w\" sizes=\"(max-width: 800px) 100vw, 800px\" \/>\t\t\t\t\t\t\t\t\t\t\t\t\t\t\t<\/div>\n\t\t\t\t<\/div>\n\t\t\t\t<\/div>\n\t\t<div class=\"elementor-element elementor-element-f911af8 e-con-full e-flex e-con e-child\" data-id=\"f911af8\" data-element_type=\"container\">\n\t\t\t\t<div class=\"elementor-element elementor-element-a2b1103 elementor-widget elementor-widget-image\" data-id=\"a2b1103\" data-element_type=\"widget\" data-widget_type=\"image.default\">\n\t\t\t\t<div class=\"elementor-widget-container\">\n\t\t\t\t\t\t\t\t\t\t\t\t\t\t\t<img decoding=\"async\" width=\"800\" height=\"534\" src=\"https:\/\/corodeninosdesanjuan.org\/wp-content\/uploads\/2025\/11\/61911364_2357246261034814_8161604701935108096_n.jpg\" class=\"attachment-large size-large wp-image-780\" alt=\"\" srcset=\"https:\/\/corodeninosdesanjuan.org\/wp-content\/uploads\/2025\/11\/61911364_2357246261034814_8161604701935108096_n.jpg 960w, https:\/\/corodeninosdesanjuan.org\/wp-content\/uploads\/2025\/11\/61911364_2357246261034814_8161604701935108096_n-300x200.jpg 300w, https:\/\/corodeninosdesanjuan.org\/wp-content\/uploads\/2025\/11\/61911364_2357246261034814_8161604701935108096_n-768x513.jpg 768w, https:\/\/corodeninosdesanjuan.org\/wp-content\/uploads\/2025\/11\/61911364_2357246261034814_8161604701935108096_n-600x401.jpg 600w\" sizes=\"(max-width: 800px) 100vw, 800px\" \/>\t\t\t\t\t\t\t\t\t\t\t\t\t\t\t<\/div>\n\t\t\t\t<\/div>\n\t\t\t\t<\/div>\n\t\t<div class=\"elementor-element elementor-element-bd7cd0a e-con-full e-flex e-con e-child\" data-id=\"bd7cd0a\" data-element_type=\"container\">\n\t\t\t\t<div class=\"elementor-element elementor-element-96c196f elementor-widget elementor-widget-image\" data-id=\"96c196f\" data-element_type=\"widget\" data-widget_type=\"image.default\">\n\t\t\t\t<div class=\"elementor-widget-container\">\n\t\t\t\t\t\t\t\t\t\t\t\t\t\t\t<img decoding=\"async\" width=\"800\" height=\"534\" src=\"https:\/\/corodeninosdesanjuan.org\/wp-content\/uploads\/2025\/11\/485022887_1078206071007794_4599443294540818691_n-1024x683.jpg\" class=\"attachment-large size-large wp-image-782\" alt=\"\" srcset=\"https:\/\/corodeninosdesanjuan.org\/wp-content\/uploads\/2025\/11\/485022887_1078206071007794_4599443294540818691_n-1024x683.jpg 1024w, https:\/\/corodeninosdesanjuan.org\/wp-content\/uploads\/2025\/11\/485022887_1078206071007794_4599443294540818691_n-300x200.jpg 300w, https:\/\/corodeninosdesanjuan.org\/wp-content\/uploads\/2025\/11\/485022887_1078206071007794_4599443294540818691_n-768x513.jpg 768w, https:\/\/corodeninosdesanjuan.org\/wp-content\/uploads\/2025\/11\/485022887_1078206071007794_4599443294540818691_n-600x400.jpg 600w, https:\/\/corodeninosdesanjuan.org\/wp-content\/uploads\/2025\/11\/485022887_1078206071007794_4599443294540818691_n.jpg 1440w\" sizes=\"(max-width: 800px) 100vw, 800px\" \/>\t\t\t\t\t\t\t\t\t\t\t\t\t\t\t<\/div>\n\t\t\t\t<\/div>\n\t\t\t\t<\/div>\n\t\t\t\t\t<\/div>\n\t\t\t\t<\/div>\n\t\t<div class=\"elementor-element elementor-element-350b8c4 e-flex e-con-boxed e-con e-parent\" data-id=\"350b8c4\" data-element_type=\"container\">\n\t\t\t\t\t<div class=\"e-con-inner\">\n\t\t\t\t<div class=\"elementor-element elementor-element-7593f57 elementor-widget elementor-widget-heading\" data-id=\"7593f57\" data-element_type=\"widget\" data-widget_type=\"heading.default\">\n\t\t\t\t<div class=\"elementor-widget-container\">\n\t\t\t\t\t<h5 class=\"elementor-heading-title elementor-size-default\">FILOSOF\u00cdA DEL CNSJ: \n<\/h5>\t\t\t\t<\/div>\n\t\t\t\t<\/div>\n\t\t\t\t\t<\/div>\n\t\t\t\t<\/div>\n\t\t<div class=\"elementor-element elementor-element-fed2fc1 e-flex e-con-boxed e-con e-parent\" data-id=\"fed2fc1\" data-element_type=\"container\">\n\t\t\t\t\t<div class=\"e-con-inner\">\n\t\t\t\t<div class=\"elementor-element elementor-element-cbc8441 elementor-widget elementor-widget-text-editor\" data-id=\"cbc8441\" data-element_type=\"widget\" data-widget_type=\"text-editor.default\">\n\t\t\t\t<div class=\"elementor-widget-container\">\n\t\t\t\t\t\t\t\t\t<p><span style=\"font-weight: 400;\">Se educa a los estudiantes para desarrollar sus m\u00e1s altos valores sociales a trav\u00e9s de la m\u00fasica tomando en cuenta los siguientes puntos:<\/span><\/p><p>\u00a0<\/p><ul><li style=\"font-weight: 400;\" aria-level=\"1\"><strong>Valoraci\u00f3n del trabajo en equipo para fomentar el sentido de compromiso.<\/strong><\/li><li style=\"font-weight: 400;\" aria-level=\"1\"><strong>Promover el valor del individuo.<\/strong><\/li><li style=\"font-weight: 400;\" aria-level=\"1\"><strong>Desarrollo del sentido de responsabilidad para consigo y con los dem\u00e1s.<\/strong><\/li><li style=\"font-weight: 400;\" aria-level=\"1\"><strong>Importancia del valor de las artes y la cultura.<\/strong><\/li><li style=\"font-weight: 400;\" aria-level=\"1\"><strong>Exponer su arte sin l\u00edmites geogr\u00e1ficos adquiriendo para sus vidas una visi\u00f3n universal.<\/strong><\/li><\/ul>\t\t\t\t\t\t\t\t<\/div>\n\t\t\t\t<\/div>\n\t\t\t\t<div class=\"elementor-element elementor-element-5e9742f elementor-widget elementor-widget-heading\" data-id=\"5e9742f\" data-element_type=\"widget\" data-widget_type=\"heading.default\">\n\t\t\t\t<div class=\"elementor-widget-container\">\n\t\t\t\t\t<h5 class=\"elementor-heading-title elementor-size-default\">OBJETIVOS: \n<\/h5>\t\t\t\t<\/div>\n\t\t\t\t<\/div>\n\t\t\t\t\t<\/div>\n\t\t\t\t<\/div>\n\t\t<div class=\"elementor-element elementor-element-ab8a4e0 e-flex e-con-boxed e-con e-parent\" data-id=\"ab8a4e0\" data-element_type=\"container\">\n\t\t\t\t\t<div class=\"e-con-inner\">\n\t\t\t\t<div class=\"elementor-element elementor-element-0b5388a elementor-widget elementor-widget-image\" data-id=\"0b5388a\" data-element_type=\"widget\" data-widget_type=\"image.default\">\n\t\t\t\t<div class=\"elementor-widget-container\">\n\t\t\t\t\t\t\t\t\t\t\t\t\t\t\t<img loading=\"lazy\" decoding=\"async\" width=\"694\" height=\"960\" src=\"https:\/\/corodeninosdesanjuan.org\/wp-content\/uploads\/2025\/11\/509442078_23926701693662626_4617802742621132208_n.jpg\" class=\"attachment-large size-large wp-image-784\" alt=\"\" srcset=\"https:\/\/corodeninosdesanjuan.org\/wp-content\/uploads\/2025\/11\/509442078_23926701693662626_4617802742621132208_n.jpg 694w, https:\/\/corodeninosdesanjuan.org\/wp-content\/uploads\/2025\/11\/509442078_23926701693662626_4617802742621132208_n-217x300.jpg 217w, https:\/\/corodeninosdesanjuan.org\/wp-content\/uploads\/2025\/11\/509442078_23926701693662626_4617802742621132208_n-600x830.jpg 600w\" sizes=\"(max-width: 694px) 100vw, 694px\" \/>\t\t\t\t\t\t\t\t\t\t\t\t\t\t\t<\/div>\n\t\t\t\t<\/div>\n\t\t<div class=\"elementor-element elementor-element-ce9fb27 e-con-full e-flex e-con e-child\" data-id=\"ce9fb27\" data-element_type=\"container\">\n\t\t\t\t<div class=\"elementor-element elementor-element-ab6cf43 elementor-widget elementor-widget-text-editor\" data-id=\"ab6cf43\" data-element_type=\"widget\" data-widget_type=\"text-editor.default\">\n\t\t\t\t<div class=\"elementor-widget-container\">\n\t\t\t\t\t\t\t\t\t<p>\u00a0<\/p><p>\u00a0<\/p><p>\u00a0<\/p><p>\u00a0<\/p><p>\u00a0<\/p><p>\u00a0<\/p><ul><li style=\"font-weight: 400;\" aria-level=\"1\"><span style=\"font-weight: 400;\">Cultivar el talento art\u00edstico coral y musical de ni\u00f1os y adolescentes en Puerto Rico.<\/span><\/li><li style=\"font-weight: 400;\" aria-level=\"1\"><span style=\"font-weight: 400;\">Establecer un alto nivel cultural y musical por medio de nuestra metodolog\u00eda educativa.<\/span><\/li><li style=\"font-weight: 400;\" aria-level=\"1\"><span style=\"font-weight: 400;\">Forjar los valores de nuestra sociedad.<\/span><\/li><li style=\"font-weight: 400;\" aria-level=\"1\"><span style=\"font-weight: 400;\">Capacitar al ni\u00f1o para resolver los problemas propios de su edad por medio de la autodisciplina, formaci\u00f3n humana, atenci\u00f3n a los buenos modales y a su relaci\u00f3n con los dem\u00e1s seres que lo rodean.<\/span><\/li><li style=\"font-weight: 400;\" aria-level=\"1\"><span style=\"font-weight: 400;\">Preservar y promover las tradiciones de la cultura puertorrique\u00f1a.<\/span><\/li><\/ul><p>\u00a0<\/p>\t\t\t\t\t\t\t\t<\/div>\n\t\t\t\t<\/div>\n\t\t\t\t<\/div>\n\t\t\t\t\t<\/div>\n\t\t\t\t<\/div>\n\t\t\t\t<\/div>\n\t\t\n    <div class=\"xs_social_share_widget xs_share_url after_content \t\tmain_content  wslu-style-1 wslu-share-box-shaped wslu-fill-colored wslu-none wslu-share-horizontal wslu-theme-font-no wslu-main_content\">\n\n\t\t\n        <ul>\n\t\t\t        <\/ul>\n    <\/div> \n","protected":false},"excerpt":{"rendered":"<p>MISI\u00d3N El Coro de Ni\u00f1os de San Juan es una escuela de arte esc\u00e9nico-musical con un curr\u00edculo acad\u00e9mico completo y de formaci\u00f3n human\u00edstica. VISI\u00d3N El Coro de Ni\u00f1os de San Juan es una escuela de arte esc\u00e9nico-musical con un curr\u00edculo acad\u00e9mico completo y de formaci\u00f3n human\u00edstica. FILOSOF\u00cdA DEL CNSJ: Se educa a los estudiantes para [&hellip;]<\/p>\n","protected":false},"author":3,"featured_media":0,"parent":0,"menu_order":0,"comment_status":"closed","ping_status":"closed","template":"","meta":{"postBodyCss":"","postBodyMargin":[],"postBodyPadding":[],"postBodyBackground":{"backgroundType":"classic","gradient":""},"footnotes":""},"class_list":["post-779","page","type-page","status-publish","hentry"],"_links":{"self":[{"href":"https:\/\/corodeninosdesanjuan.org\/index.php?rest_route=\/wp\/v2\/pages\/779","targetHints":{"allow":["GET"]}}],"collection":[{"href":"https:\/\/corodeninosdesanjuan.org\/index.php?rest_route=\/wp\/v2\/pages"}],"about":[{"href":"https:\/\/corodeninosdesanjuan.org\/index.php?rest_route=\/wp\/v2\/types\/page"}],"author":[{"embeddable":true,"href":"https:\/\/corodeninosdesanjuan.org\/index.php?rest_route=\/wp\/v2\/users\/3"}],"replies":[{"embeddable":true,"href":"https:\/\/corodeninosdesanjuan.org\/index.php?rest_route=%2Fwp%2Fv2%2Fcomments&post=779"}],"version-history":[{"count":9,"href":"https:\/\/corodeninosdesanjuan.org\/index.php?rest_route=\/wp\/v2\/pages\/779\/revisions"}],"predecessor-version":[{"id":1089,"href":"https:\/\/corodeninosdesanjuan.org\/index.php?rest_route=\/wp\/v2\/pages\/779\/revisions\/1089"}],"wp:attachment":[{"href":"https:\/\/corodeninosdesanjuan.org\/index.php?rest_route=%2Fwp%2Fv2%2Fmedia&parent=779"}],"curies":[{"name":"wp","href":"https:\/\/api.w.org\/{rel}","templated":true}]}}